{"id":13,"date":"2021-03-11T10:00:08","date_gmt":"2021-03-11T09:00:08","guid":{"rendered":"http:\/\/catherinefonder.wordpress.com\/?page_id=13"},"modified":"2021-03-11T19:13:14","modified_gmt":"2021-03-11T18:13:14","slug":"biographie","status":"publish","type":"page","link":"https:\/\/www.pucealoreille.fr\/index.php\/biographie\/","title":{"rendered":"Parcours"},"content":{"rendered":"<h5 style=\"text-align: center;\"><img loading=\"lazy\" class=\"alignnone size-medium wp-image-787\" src=\"https:\/\/www.pucealoreille.fr\/wp-content\/uploads\/2018\/04\/Chataignier-P\u00e8re-Basile-1--239x300.jpg\" alt=\"\" width=\"239\" height=\"300\" srcset=\"https:\/\/www.pucealoreille.fr\/wp-content\/uploads\/2018\/04\/Chataignier-P\u00e8re-Basile-1--239x300.jpg 239w, https:\/\/www.pucealoreille.fr\/wp-content\/uploads\/2018\/04\/Chataignier-P\u00e8re-Basile-1-.jpg 600w\" sizes=\"(max-width: 239px) 100vw, 239px\" \/><\/h5>\n<h4 style=\"text-align: center;\"><em><strong>Depuis plus de 15 ans, nous intervenons en milieu scolaire,<br \/>\nM.J.C, foyers pour personnes en situation de handicap,<br \/>\nmaisons de retraite, salles de spectacle, biblioth\u00e8ques, balades&#8230;<\/strong><\/em><\/h4>\n<h4>Genevi\u00e8ve :<\/h4>\n<p><span style=\"color: #008000;\"><span style=\"color: #808080;\">Le conte\u2026Comment ? Pourquoi ?<\/span><br \/>\n<span style=\"color: #808080;\"> Depuis toujours le conte est l\u00e0, aussi loin que je puisse m\u2019en souvenir\u2026<\/span><br \/>\n<span style=\"color: #808080;\"> Puis il y a 15 ans, l\u2019occasion de faire une initiation conte\u2026<\/span><br \/>\n<span style=\"color: #808080;\"> Depuis, mots-images joueurs et malins en toutes occasions se font histoires, miroirs.<\/span><br \/>\n<span style=\"color: #808080;\"> Le conte est bon, il fait du bien, il cr\u00e9\u00e9 le lien, tiss\u00e9 en fil de soi, partag\u00e9 avec les autres.<\/span><br \/>\n<span style=\"color: #808080;\"> Le conte est graine, le conte \u00e9grene\u2026<\/span><br \/>\n<span style=\"color: #808080;\"> Plant\u00e9, sem\u00e9, il germe et pousse dans les c\u0153urs et les esprits.<\/span><br \/>\n<span style=\"color: #808080;\"> Comique, cosmique, cosmogonique, voire cosm\u00e9tique quand il pique un fard,<\/span><br \/>\n<span style=\"color: #808080;\"> Sans satellite \u00e0 parabole, rebelle quand \u00ab ras le bol \u00bb, avec ou sans b\u00e9mol,<\/span><br \/>\n<span style=\"color: #808080;\"> Gai, pas gai quand rame pour sauver son h\u00e9ros,<\/span><br \/>\n<span style=\"color: #808080;\"> Coquin, fin, sage, farfelu, saugrenu,<\/span><br \/>\n<span style=\"color: #808080;\"> \u00c0 dormir debout, \u00e9couter assis, d\u00e9guster allong\u00e9\u2026.<\/span><br \/>\n<span style=\"color: #808080;\"> Le conte est toujours le bienvenu !<\/span><br \/>\n<span style=\"color: #808080;\"> Envie d\u2019en vies, en vie d\u2019envies.<\/span><\/span><\/p>\n<p><span style=\"color: #808080;\"><em>Active depuis 15 ans au sein de l\u2019association \u00ab Au Fil des Contes\u2026 \u00bb de Gif sur Yvette avec Philippe Charentin, formateur conteur.<\/em><br \/>\n<em> Active au sein de \u00ab la caravane des contes \u00bb de Combs-la-ville pendant 2 ans avec Ludovic Souliman, conteur.<\/em><br \/>\n<em> Active depuis un an \u00e0 l\u2019atelier de Sucy-en-Brie avec Ludovic Souliman, conteur<\/em><br \/>\n<em> Stages ponctuels avec :<\/em><br \/>\n<em> Pepito Mateo (le conteur et l\u2019imaginaire), Ralf Nataf (conteurs, osez !),<\/em><br \/>\n<em> Sylvie Mombo (conte en mouvement), Bernard Ch\u00e8ze (la parole et le geste),<\/em><br \/>\n<em> \u00ab L\u2019\u00e2ge d\u2019or \u00bb (contes pour les petits), Odile Burley (clown), Fran\u00e7ois Godard (r\u00e9cits de vie), Philippe Charentin (contes, rythmes et musique), Ludovic Souliman (la parole du conteur, \u00ab affreux, sales et m\u00e9chants \u00bb, na\u00eetre et rena\u00eetre conteur), <\/em><em>Nathalie Leone (R\u00e9cit et improvisation)<\/em><\/span><\/p>\n<p>&nbsp;<\/p>\n<h4>Catherine :<\/h4>\n<p><span style=\"color: #808080;\">Tout a commenc\u00e9 en semant des histoires dans les oreilles de ma fille.<\/span><br \/>\n<span style=\"color: #808080;\"> \u00c9tant biblioth\u00e9caire, je ne manquais pas de livres. Mais le conte, c&rsquo;est avant tout l&rsquo;oralit\u00e9.<\/span><br \/>\n<span style=\"color: #808080;\"> Alors, pendant de nombreuses ann\u00e9es, de sc\u00e8nes en festivals, nous avons partag\u00e9 le bonheur d&rsquo;aller \u00e9couter des conteurs.<\/span><br \/>\n<span style=\"color: #808080;\"> De ce plaisir de voyager sur les mots des autres, est doucement n\u00e9e une envie.<\/span><\/p>\n<p><span style=\"color: #808080;\">Aujourd&rsquo;hui, je raconte pour le plaisir de partager des r\u00e9cits d&rsquo;hier et d&rsquo;aujourd&rsquo;hui, qui ont voyag\u00e9 par les cinq continents. Des histoires pour r\u00eaver, pour fr\u00e9mir, pour se rassurer, pour voir plus loin, pour s&rsquo;\u00e9mouvoir, pour rire, pour se rencontrer&#8230;<\/span><\/p>\n<p><span style=\"color: #808080;\"><em>De 1994 \u00e0 2015, je participe aux ateliers mensuels de Philippe Charentin, conteur-formateur.<\/em><\/span><br \/>\n<span style=\"color: #808080;\"> <em>De 2013 \u00e0 2017, je participe aux ateliers hebdomadaires de Ludovic Souliman, conteur.<\/em><\/span><br \/>\n<span style=\"color: #808080;\"> <em>De 2000 \u00e0 2021, j&rsquo;ai suivi des stages avec les conteurs : L&rsquo;\u00e2ge d&rsquo;Or (Paris), Muriel Bloch, P\u00e9pito Mat\u00e9o, Colette Mign\u00e9, Alberto Garcia Sanchez<\/em>, <em>Sylvie Mombo, Chirine El Ansary, Ludovic Souliman, Pascal Mitsuru Gu\u00e9ran, Philippe Charentin, Edith Vuarnesson, Odile Burley, Luiggi Rignan\u00e8se, Bernard Ch\u00e8ze, Pierre Deschamps, Bruno de La Salle, Ralph Nataf,\u00a0 Nathalie Leone, Praline Gay-Para, Florence Desnouveaux, Fred Pougeard.<\/em> <\/span><\/p>\n","protected":false},"excerpt":{"rendered":"<p>Depuis plus de 15 ans, nous intervenons en milieu scolaire, M.J.C, foyers pour personnes en situation de handicap, maisons de retraite, salles de spectacle, biblioth\u00e8ques, balades&#8230; Genevi\u00e8ve : Le conte\u2026Comment ? Pourquoi ? Depuis toujours le conte est l\u00e0, aussi &hellip; <a href=\"https:\/\/www.pucealoreille.fr\/index.php\/biographie\/\">Continuer la lecture <span class=\"meta-nav\">&rarr;<\/span><\/a><\/p>\n","protected":false},"author":2,"featured_media":0,"parent":0,"menu_order":6,"comment_status":"closed","ping_status":"closed","template":"","meta":[],"_links":{"self":[{"href":"https:\/\/www.pucealoreille.fr\/index.php\/wp-json\/wp\/v2\/pages\/13"}],"collection":[{"href":"https:\/\/www.pucealoreille.fr\/index.php\/wp-json\/wp\/v2\/pages"}],"about":[{"href":"https:\/\/www.pucealoreille.fr\/index.php\/wp-json\/wp\/v2\/types\/page"}],"author":[{"embeddable":true,"href":"https:\/\/www.pucealoreille.fr\/index.php\/wp-json\/wp\/v2\/users\/2"}],"replies":[{"embeddable":true,"href":"https:\/\/www.pucealoreille.fr\/index.php\/wp-json\/wp\/v2\/comments?post=13"}],"version-history":[{"count":12,"href":"https:\/\/www.pucealoreille.fr\/index.php\/wp-json\/wp\/v2\/pages\/13\/revisions"}],"predecessor-version":[{"id":1228,"href":"https:\/\/www.pucealoreille.fr\/index.php\/wp-json\/wp\/v2\/pages\/13\/revisions\/1228"}],"wp:attachment":[{"href":"https:\/\/www.pucealoreille.fr\/index.php\/wp-json\/wp\/v2\/media?parent=13"}],"curies":[{"name":"wp","href":"https:\/\/api.w.org\/{rel}","templated":true}]}}